{"id":3911,"date":"2022-09-15T02:44:21","date_gmt":"2022-09-15T02:44:21","guid":{"rendered":"https:\/\/www.escuelamasterchef.com\/?post_type=videos&#038;p=3911"},"modified":"2023-02-09T21:17:59","modified_gmt":"2023-02-09T21:17:59","slug":"mini-tarta-sacher","status":"publish","type":"videos","link":"https:\/\/www.escuelamasterchef.com\/en\/videos\/mini-tarta-sacher\/","title":{"rendered":"Mini tarta Sacher"},"content":{"rendered":"","protected":false},"excerpt":{"rendered":"","protected":false},"author":8,"featured_media":0,"comment_status":"open","ping_status":"closed","template":"","meta":{"_acf_changed":false,"footnotes":""},"categories":[],"class_list":["post-3911","videos","type-videos","status-publish","hentry"],"acf":{"titulo":"Mini tarta Sacher ","url":"https:\/\/vimeo.com\/749671306","descripcion":"Esta mini tarta abrir\u00e1 el apetito de los m\u00e1s peques de la casa. Aprenderemos a hacer una cl\u00e1sica y esponjosa tarta Sacher con su mermelada de albaricoque.","preparacion":"Para la masa\r\nPonemos el chocolate a fundir al ba\u00f1o Mar\u00eda.Ponemos en nuestro robot la mantequilla en pomada junto el az\u00facar y montamos.\r\nIncorporamos las yemas de huevo sin dejar de batir, una a una.A\u00f1adimos a nuestra mezcla el chocolate fundido. Mezcla la harina de reposter\u00eda con la harina de almendras y agr\u00e9galas a la crema anterior a velocidad lenta. Monta las claras a punto de nieve e incorp\u00f3ralas a nuestra masa a velocidad lenta. Vierte la mezcla en nuestro molde y hornea a 185\u00baC durante 10 minutos. Baja la temperatura a 175\u00baC y hornea durante 15 minutos m\u00e1s.Deja templar y desmolda. A continuaci\u00f3n cortamos y retiramos la parte de arriba que no es uniforme de nuestro bizcocho. A continuaci\u00f3n cortamos la tarta en dos partes y extendemos la mermelada de albaricoque en el interior. Tapa con la otra parte de bizcocho, pon encima de una rejilla y cubre con nuestra cobertura de chocolate. Reservar.\r\nPara la cobertura\r\nFundimos el chocolate al ba\u00f1o Mar\u00eda. En un cazo ponemos la nata y la mantequilla hasta derretir. Agregamos al chocolate y homogeneizamos. Ponemos en una manga pastelera y reservamos.\r\nPara el emplatado\r\nColocamos nuestra mini tarta en una rejilla y echamos la cobertura por encima con la manga pastelera. Una vez est\u00e9 todo cubierto, lo colocamos en un plato y servimos al gusto.","ingredientes":"Para la Masa\r\n175 gr de az\u00facar\r\n175 gr de mantequilla\r\n7 huevos\r\n175 gr de chocolate amargo\r\n50 gr de harina de almendras\r\n100 gr de harina\r\nc\/s Mermelada de Albaricoque\r\nPara la cobertura\r\n300 gr de chocolate de cobertura\r\n100 gr de mantequilla\r\n100 ml de nata l\u00edquida","utensilios":"Bandeja\r\nBoles\r\nBoles para ba\u00f1o Mar\u00eda\r\nCazos\r\nCuchillos\r\nLenguas\r\nManga pastelera\r\nMoldes para bizcochos\r\nRobot de cocina\r\nRodillo\r\nVarilla","nombre_del_instructor":" Lukas","imagen_instructor":"https:\/\/static.capabiliaserver.com\/frontend\/clients\/masterchef\/wp_prod\/wp-content\/uploads\/2022\/12\/80d88cd2-screenshot_2.png","producto":{"ID":2209,"post_author":"3","post_date":"2022-09-14 02:13:16","post_date_gmt":"2022-09-14 02:13:16","post_content":"contenido","post_title":"COCINA PARA NI\u00d1OS","post_excerpt":"\u00bfQuieres aprender a cocinar recetas f\u00e1ciles y sencillas que les encantan a los ni\u00f1os?","post_status":"publish","comment_status":"open","ping_status":"closed","post_password":"","post_name":"cocina-para-ninos","to_ping":"","pinged":"","post_modified":"2022-09-20 19:44:07","post_modified_gmt":"2022-09-20 19:44:07","post_content_filtered":"","post_parent":0,"guid":"https:\/\/www.escuelamasterchef.com\/?post_type=product&#038;p=2209","menu_order":0,"post_type":"product","post_mime_type":"","comment_count":"0","filter":"raw"}},"yoast_head":"<!-- This site is optimized with the Yoast SEO plugin v23.0 - https:\/\/yoast.com\/wordpress\/plugins\/seo\/ -->\n<title>Mini tarta Sacher - Capabilia<\/title>\n<meta name=\"robots\" content=\"index, follow, max-snippet:-1, max-image-preview:large, max-video-preview:-1\" \/>\n<link rel=\"canonical\" href=\"https:\/\/www.escuelamasterchef.com\/videos\/mini-tarta-sacher\/\" \/>\n<meta property=\"og:locale\" content=\"en_US\" \/>\n<meta property=\"og:type\" content=\"article\" \/>\n<meta property=\"og:title\" content=\"Mini tarta Sacher - Capabilia\" \/>\n<meta property=\"og:url\" content=\"https:\/\/www.escuelamasterchef.com\/videos\/mini-tarta-sacher\/\" \/>\n<meta property=\"og:site_name\" content=\"Capabilia\" \/>\n<meta property=\"article:modified_time\" content=\"2023-02-09T21:17:59+00:00\" \/>\n<meta name=\"twitter:card\" content=\"summary_large_image\" \/>\n<script type=\"application\/ld+json\" class=\"yoast-schema-graph\">{\"@context\":\"https:\/\/schema.org\",\"@graph\":[{\"@type\":\"WebPage\",\"@id\":\"https:\/\/www.escuelamasterchef.com\/videos\/mini-tarta-sacher\/\",\"url\":\"https:\/\/www.escuelamasterchef.com\/videos\/mini-tarta-sacher\/\",\"name\":\"Mini tarta Sacher - Capabilia\",\"isPartOf\":{\"@id\":\"https:\/\/www.escuelamasterchef.com\/#website\"},\"datePublished\":\"2022-09-15T02:44:21+00:00\",\"dateModified\":\"2023-02-09T21:17:59+00:00\",\"breadcrumb\":{\"@id\":\"https:\/\/www.escuelamasterchef.com\/videos\/mini-tarta-sacher\/#breadcrumb\"},\"inLanguage\":\"en-US\",\"potentialAction\":[{\"@type\":\"ReadAction\",\"target\":[\"https:\/\/www.escuelamasterchef.com\/videos\/mini-tarta-sacher\/\"]}]},{\"@type\":\"BreadcrumbList\",\"@id\":\"https:\/\/www.escuelamasterchef.com\/videos\/mini-tarta-sacher\/#breadcrumb\",\"itemListElement\":[{\"@type\":\"ListItem\",\"position\":1,\"name\":\"Videos\",\"item\":\"https:\/\/www.escuelamasterchef.com\/videos\/\"},{\"@type\":\"ListItem\",\"position\":2,\"name\":\"Mini tarta Sacher\"}]},{\"@type\":\"WebSite\",\"@id\":\"https:\/\/www.escuelamasterchef.com\/#website\",\"url\":\"https:\/\/www.escuelamasterchef.com\/\",\"name\":\"Capabilia\",\"description\":\"\",\"potentialAction\":[{\"@type\":\"SearchAction\",\"target\":{\"@type\":\"EntryPoint\",\"urlTemplate\":\"https:\/\/www.escuelamasterchef.com\/?s={search_term_string}\"},\"query-input\":\"required name=search_term_string\"}],\"inLanguage\":\"en-US\"}]}<\/script>\n<!-- \/ Yoast SEO plugin. -->","yoast_head_json":{"title":"Mini tarta Sacher - Capabilia","robots":{"index":"index","follow":"follow","max-snippet":"max-snippet:-1","max-image-preview":"max-image-preview:large","max-video-preview":"max-video-preview:-1"},"canonical":"https:\/\/www.escuelamasterchef.com\/videos\/mini-tarta-sacher\/","og_locale":"en_US","og_type":"article","og_title":"Mini tarta Sacher - Capabilia","og_url":"https:\/\/www.escuelamasterchef.com\/videos\/mini-tarta-sacher\/","og_site_name":"Capabilia","article_modified_time":"2023-02-09T21:17:59+00:00","twitter_card":"summary_large_image","schema":{"@context":"https:\/\/schema.org","@graph":[{"@type":"WebPage","@id":"https:\/\/www.escuelamasterchef.com\/videos\/mini-tarta-sacher\/","url":"https:\/\/www.escuelamasterchef.com\/videos\/mini-tarta-sacher\/","name":"Mini tarta Sacher - Capabilia","isPartOf":{"@id":"https:\/\/www.escuelamasterchef.com\/#website"},"datePublished":"2022-09-15T02:44:21+00:00","dateModified":"2023-02-09T21:17:59+00:00","breadcrumb":{"@id":"https:\/\/www.escuelamasterchef.com\/videos\/mini-tarta-sacher\/#breadcrumb"},"inLanguage":"en-US","potentialAction":[{"@type":"ReadAction","target":["https:\/\/www.escuelamasterchef.com\/videos\/mini-tarta-sacher\/"]}]},{"@type":"BreadcrumbList","@id":"https:\/\/www.escuelamasterchef.com\/videos\/mini-tarta-sacher\/#breadcrumb","itemListElement":[{"@type":"ListItem","position":1,"name":"Videos","item":"https:\/\/www.escuelamasterchef.com\/videos\/"},{"@type":"ListItem","position":2,"name":"Mini tarta Sacher"}]},{"@type":"WebSite","@id":"https:\/\/www.escuelamasterchef.com\/#website","url":"https:\/\/www.escuelamasterchef.com\/","name":"Capabilia","description":"","potentialAction":[{"@type":"SearchAction","target":{"@type":"EntryPoint","urlTemplate":"https:\/\/www.escuelamasterchef.com\/?s={search_term_string}"},"query-input":"required name=search_term_string"}],"inLanguage":"en-US"}]}},"_links":{"self":[{"href":"https:\/\/www.escuelamasterchef.com\/en\/wp-json\/wp\/v2\/videos\/3911"}],"collection":[{"href":"https:\/\/www.escuelamasterchef.com\/en\/wp-json\/wp\/v2\/videos"}],"about":[{"href":"https:\/\/www.escuelamasterchef.com\/en\/wp-json\/wp\/v2\/types\/videos"}],"author":[{"embeddable":true,"href":"https:\/\/www.escuelamasterchef.com\/en\/wp-json\/wp\/v2\/users\/8"}],"replies":[{"embeddable":true,"href":"https:\/\/www.escuelamasterchef.com\/en\/wp-json\/wp\/v2\/comments?post=3911"}],"version-history":[{"count":3,"href":"https:\/\/www.escuelamasterchef.com\/en\/wp-json\/wp\/v2\/videos\/3911\/revisions"}],"predecessor-version":[{"id":4976,"href":"https:\/\/www.escuelamasterchef.com\/en\/wp-json\/wp\/v2\/videos\/3911\/revisions\/4976"}],"wp:attachment":[{"href":"https:\/\/www.escuelamasterchef.com\/en\/wp-json\/wp\/v2\/media?parent=3911"}],"wp:term":[{"taxonomy":"category","embeddable":true,"href":"https:\/\/www.escuelamasterchef.com\/en\/wp-json\/wp\/v2\/categories?post=3911"}],"curies":[{"name":"wp","href":"https:\/\/api.w.org\/{rel}","templated":true}]}}